{"id":15,"date":"2024-02-28T00:00:08","date_gmt":"2024-02-28T00:00:08","guid":{"rendered":"http:\/\/finance.bold-themes.com\/main-demo\/?page_id=15"},"modified":"2025-02-01T16:08:55","modified_gmt":"2025-02-01T16:08:55","slug":"quienes-somos","status":"publish","type":"page","link":"https:\/\/arraigofoundation.org\/en\/quienes-somos\/","title":{"rendered":"Who we are"},"content":{"rendered":"<div class=\"wpb-content-wrapper\"><div class=\"vc_row wpb_row vc_row-fluid\"><div class=\"wpb_column vc_column_container vc_col-sm-12\"><div class=\"vc_column-inner\"><div class=\"wpb_wrapper\">\n\t<div class=\"wpb_text_column wpb_content_element\" >\n\t\t<div class=\"wpb_wrapper\">\n\t\t\t<section id=\"bt_section6a9d41745f8ad\"  class=\"boldSection topSmallSpaced bottomSpaced gutter inherit\" ><div class=\"port\"><div class=\"boldCell\"><div class=\"boldCellInner\"><div class=\"boldRow \" ><div class=\"boldRowInner\"><div class=\"rowItem col-md-12 col-ms-12  btTextLeft animate animate-fadein inherit\"  data-width=\"12\"><div class=\"rowItemContent\" ><header class=\"header btClear large  btHeaderAccent4\" ><div class=\"dash\"><h2><span class=\"headline\">En la Fundaci\u00f3n Arraigo<\/span><\/h2><\/div><\/header><div class=\"btText\" ><\/p>\n<p>La historia de Arraigo Foundation es un relato de pasi\u00f3n, compromiso y dedicaci\u00f3n hacia la preservaci\u00f3n y promoci\u00f3n de la rica herencia cultural hispana en un entorno donde la diversidad es clave para el enriquecimiento social. Todo comenz\u00f3 con Ximena Montilla, una venezolana expatriada con una visi\u00f3n clara y una determinaci\u00f3n inquebrantable.<\/p>\n<p>Consciente de la importancia de fomentar el intercambio cultural y elevar el sentido de pertenencia, Ximena Montilla decidi\u00f3 dar vida a esta fundaci\u00f3n con el prop\u00f3sito de propiciar la multiculturalidad, la tolerancia y la eliminaci\u00f3n de manifestaciones de racismo, xenofobia e intolerancia en fuera y dentro de las aulas. Su experiencia como l\u00edder y CEO en diversos emprendimientos orientados al empoderamiento de la comunidad hispanohablante fue la fuerza motriz detr\u00e1s de este proyecto ambicioso.<\/p>\n<p>La esencia de Arraigo Foundation radica en su capacidad para crear sinergias y conexiones significativas con destacados personajes del mundo cultural, literario y gastron\u00f3mico. Estas colaboraciones forman parte del alma misma de la fundaci\u00f3n, enriqueciendo sus programas y eventos con una diversidad de perspectivas y experiencias que adem\u00e1s de nutrir a la comunidad hispanohablante, fomentan el di\u00e1logo intercultural y la comprensi\u00f3n mutua.<\/p>\n<p>Arraigo Foundation representa ese faro de esperanza y cambio, al apoyar activamente la participaci\u00f3n y el empoderamiento de las mujeres en el \u00e1mbito cultural. Su labor trasciende fronteras, llegando a todas las capas de la sociedad estadounidense y m\u00e1s all\u00e1, demostrando que la diversidad es un tesoro que enriquece a todos. Con su compromiso incansable, la fundaci\u00f3n contin\u00faa iluminando el camino hacia un mundo m\u00e1s inclusivo y respetuoso, donde la cultura hispana brilla con toda su esplendor.<\/p>\n<p><strong>COLABORADORES<\/strong><\/p>\n<p><em><strong><img loading=\"lazy\" decoding=\"async\" class=\"alignnone size-full wp-image-3971\" src=\"https:\/\/arraigofoundation.org\/wp-content\/uploads\/2024\/03\/ximena.png\" alt=\"\" width=\"218\" height=\"185\" \/><\/strong><\/em><\/p>\n<p><em><strong>Ximena Montilla Arreaza (Directora)<\/strong><\/em><\/p>\n<p>Docente en Educaci\u00f3n Especial, menci\u00f3n Trastornos del Desarrollo Intelectual y Dificultades en el Aprendizaje (Instituto Universitario AVEPANE, Venezuela); M.Sc. en Direcci\u00f3n y Gesti\u00f3n de Centros Educativos (Universidad de Barcelona-UB, Espa\u00f1a); Diplomado en Neurogastronom\u00eda Aplicada (Instituto de Neurociencias de las Am\u00e9ricas, Venezuela). Ponente Charla TEDx El Espa\u00f1ol como Lengua Afectiva. Miembro de la Asociaci\u00f3n Venezolana de Gastronom\u00eda. Ganadora tres premios ILBA 2023 (International Latino Books Award), Ganadora de siete Gourmand Awards. Representante de Venezuela en el Simposio de Gastronom\u00eda Internacional del Umea, Suecia 2023. Miembro honoraria del Women Economic Forum Venezuela.<\/p>\n<p><em><strong><img loading=\"lazy\" decoding=\"async\" class=\"alignnone size-full wp-image-3964\" src=\"https:\/\/arraigofoundation.org\/wp-content\/uploads\/2024\/03\/erik.png\" alt=\"\" width=\"218\" height=\"185\" \/><\/strong><\/em><\/p>\n<p><em><strong>Erik Michel D\u00f6ring (Director)<\/strong><\/em><\/p>\n<p>Erik Michel es un l\u00edder clave en la Fundaci\u00f3n Arraigo, donde actualmente ocupa el cargo de Director Financiero. Con un enfoque en la optimizaci\u00f3n financiera y la gesti\u00f3n estrat\u00e9gica, Erik aporta a la fundaci\u00f3n una vasta experiencia en administraci\u00f3n, optimizaci\u00f3n de negocios y gesti\u00f3n contractual. Su trayectoria incluye un MBA en Administraci\u00f3n de Empresas de la Escuela de Negocios y Marketing ESIC, con especializaci\u00f3n en Desarrollo de Negocios y Marketing, adem\u00e1s de una s\u00f3lida formaci\u00f3n en Ingenier\u00eda Mec\u00e1nica con \u00e9nfasis en Energ\u00eda y Turbom\u00e1quinas por la Universidad Sim\u00f3n Bol\u00edvar.<\/p>\n<p>A lo largo de su carrera, Erik ha desempe\u00f1ado roles de liderazgo en empresas multinacionales de renombre como Wood, Foster Wheeler, AtkinsR\u00e9alis y Aurubis, as\u00ed como en su propia firma de consultor\u00eda ATL Consult. Reconocido por su pensamiento estrat\u00e9gico, adaptabilidad y un estilo de liderazgo orientado a resultados, Erik es un activo fundamental para la Fundaci\u00f3n Arraigo, contribuyendo con su experiencia y su compromiso para lograr un impacto positivo en la comunidad hispana y en el fomento de la diversidad cultural.<\/p>\n<p><em><strong><img loading=\"lazy\" decoding=\"async\" class=\"alignnone size-full wp-image-3969\" src=\"https:\/\/arraigofoundation.org\/wp-content\/uploads\/2024\/03\/rafael.png\" alt=\"\" width=\"218\" height=\"185\" \/><\/strong><\/em><\/p>\n<p><em><strong>Profesor Rafael Cartay (Colaborador)<\/strong><\/em><\/p>\n<p>Economista (Universidad Central de Venezuela, Caracas), M.Sc. Econom\u00eda Agr\u00edcola (Colegio de Postgraduados, Chapingo, M\u00e9xico; Instituto Iberoamericano de Ciencias Agr\u00edcolas, IICA, Turrialba, Costa Rica). Dr. en Economie et Droit des Pays \u00c9trangeres (Universit\u00e9 de Paris I-Pantheon-Sorbonne, Paris), Profesor jubilado de la Universidad de los Andes, M\u00e9rida, Venezuela. Profesor_Investigador Universidad T\u00e9cnica de Manab\u00ed. El Profesor Rafael Cartay aporta un valor invaluable a la Fundaci\u00f3n Arraigo debido a su destacada trayectoria como historiador especializado en la gastronom\u00eda y cultura latinoamericana. Sus publicaciones internacionales y su compromiso continuo con la investigaci\u00f3n y la ense\u00f1anza refuerzan el impacto positivo que la fundaci\u00f3n busca lograr en comunidades locales e internacionales.<\/p>\n<p><em><strong><img loading=\"lazy\" decoding=\"async\" class=\"alignnone size-full wp-image-3968\" src=\"https:\/\/arraigofoundation.org\/wp-content\/uploads\/2024\/03\/ocarina.png\" alt=\"\" width=\"218\" height=\"185\" \/><\/strong><\/em><\/p>\n<p><em><strong>Profesora Ocarina Castillo (Colaboradora)<\/strong><\/em><\/p>\n<p>Antrop\u00f3loga, magister en Historia Contempor\u00e1nea de Venezuela y Doctora en Ciencias Pol\u00edticas. Miembro de la Academia de Gastronom\u00eda Venezolana, Electa como Individuo de N\u00famero de la Academia Nacional de la Historia hace un par de a\u00f1os. Fundadora del programa Samuel Robinson y del proyecto de estudio inter escuelas conocido como PCI (PROGRAMA de COOPERACI\u00d3N INTERFACULTADES) adem\u00e1s de la c\u00e1tedra Antropolog\u00eda de los Sabores de la escuela de Sociolog\u00eda de la FACES. Gran conocedora de la antropolog\u00eda alimentaria de nuestro pa\u00eds y de otros pa\u00edses de Latinoam\u00e9rica.<\/p>\n<p><em><strong><img loading=\"lazy\" decoding=\"async\" class=\"alignnone size-full wp-image-3968\" src=\"https:\/\/arraigofoundation.org\/wp-content\/uploads\/2024\/09\/carvallo.png\" alt=\"\" width=\"218\" height=\"185\" \/><\/strong><\/em><\/p>\n<p><em><strong>Margot Carvallo (Colaboradora)<\/strong><\/em><\/p>\n<p>Margot Carvallo, periodista y miembro destacado de la Fundaci\u00f3n Arraigo, aporta casi una d\u00e9cada de experiencia en la industria de las noticias. Reconocida por su trabajo en CNN en Espa\u00f1ol y Scripps Network, Margot se especializa en la creaci\u00f3n de contenido en entornos multiculturales e interculturales. Sus habilidades biling\u00fces y su destreza en la gesti\u00f3n de contenido digital garantizan que su trabajo resuene con diversas audiencias y apoye la misi\u00f3n de Arraigo de enriquecer la diversidad social y celebrar el patrimonio cultural hispano. Su profundo compromiso con la promoci\u00f3n del patrimonio cultural y su pasi\u00f3n por la creaci\u00f3n de contenido de valor impactante y culturalmente sensible la convierten en una pieza clave para la recaudaci\u00f3n de fondos y el \u00e9xito continuo de los proyectos de la Fundaci\u00f3n Arraigo.<\/p>\n<p><em><strong><img loading=\"lazy\" decoding=\"async\" class=\"alignnone size-full wp-image-3970\" src=\"https:\/\/arraigofoundation.org\/wp-content\/uploads\/2024\/03\/sandra.png\" alt=\"\" width=\"218\" height=\"185\" \/><\/strong><\/em><\/p>\n<p><em><strong>Sandra Krijt Berm\u00fadez (Secretaria)<\/strong><\/em><\/p>\n<p>Sandra tiene una Licenciatura en Idiomas Modernos con una menci\u00f3n en Administraci\u00f3n y Gerencia de la Universidad Metropolitana en Caracas, Venezuela. Su experiencia laboral previa incluye Asistente Ejecutiva de Direcci\u00f3n General para varias empresas multinacionales como Sanofi-Aventis y Revlon, as\u00ed como experiencia docente en escuelas biling\u00fces\/internacionales. Sandra recientemente se uni\u00f3 al equipo de la Universidad de San Diego en su centro de Madrid desempe\u00f1ando el cargo de Asistente de Programa. Al haber tenido la oportunidad de vivir y estudiar en el extranjero, cultiv\u00f3 una perspectiva multicultural que ha alimentado su pasi\u00f3n por trabajar en entornos diversos e internacionales.<\/p>\n<p><em><strong><img loading=\"lazy\" decoding=\"async\" class=\"alignnone size-full wp-image-4058\" src=\"https:\/\/arraigofoundation.org\/wp-content\/uploads\/2024\/04\/cissiv2.png\" alt=\"\" width=\"218\" height=\"185\" \/><\/strong><\/em><\/p>\n<p><em><strong>Cissi Montilla (Colaboradora)<\/strong><\/em><\/p>\n<p>Cissi Montilla, con estudios en Ling\u00fc\u00edstica General Aplicada Francesa realizados en la Universit\u00e9 de la Franche-Comt\u00e9, Francia, entre 1976 y 1979, es actualmente Asesora en proyectos de Gesti\u00f3n Cultural, Fomento a la Lectura, Desarrollo Cultural e Indicadores en Educapta. Con m\u00e1s de dos d\u00e9cadas de servicio dedicado, ha ocupado roles destacados en M\u00e9xico, desde ser Secretaria Ejecutiva de Pol\u00edticas P\u00fablicas Culturales en el Consejo Nacional para la Cultura y las Artes, Directora General de Desarrollo Cultural en la Secretar\u00eda de Cultura de San Luis Potos\u00ed, hasta Directora de Educaci\u00f3n Art\u00edstica y Servicios Culturales en el Instituto Quer\u00e9tano de la Cultura y las Artes. Su trayectoria, respaldada por una s\u00f3lida formaci\u00f3n acad\u00e9mica, aporta conocimientos especializados que enriquecen significativamente el \u00e1mbito cultural que aborda.<\/p>\n<p><em><strong><img loading=\"lazy\" decoding=\"async\" class=\"alignnone size-full wp-image-3967\" src=\"https:\/\/arraigofoundation.org\/wp-content\/uploads\/2024\/03\/jim.png\" alt=\"\" width=\"218\" height=\"185\" \/><\/strong><\/em><\/p>\n<p><em><strong>Chucho Rojas (Colaborador)<\/strong><\/em><\/p>\n<p>Chucho Rojas es un chef venezolano con m\u00e1s de 30 a\u00f1os de experiencia en cocina. Se form\u00f3 en la escuela Gregoire Ferrandi de Par\u00eds, donde su preocupaci\u00f3n por la salud alimentaria lo llev\u00f3 a desarrollar el proyecto \u00abViva la Cantina\u00bb para ense\u00f1ar a ni\u00f1os a cocinar y apreciar una dieta balanceada. Fue miembro del Directorio de la Fundaci\u00f3n Bengoa, reconocida internacionalmente por sus trabajos en la crisis alimentaria venezolana. Adem\u00e1s, colabor\u00f3 con Venezuela Gastron\u00f3mica para rescatar la culinaria regional y los alimentos ancestrales venezolanos. En la actualidad, es chef ejecutivo del grupo Meat And Bone, promoviendo productos proteicos de alta calidad y sostenibilidad ambiental en Estados Unidos. Su compromiso con la ense\u00f1anza lo lleva a liderar el proyecto \u00abSOY MAESTRO\u00bb, una nueva pasio\u0301n que le permite tanto ensen\u0303ar como seguir aprendiendo.<\/p>\n<div class=\"vc_row wpb_row vc_row-fluid\"><\/div>\n<div class=\"wpb_column vc_column_container vc_col-sm-12\">\n<div class=\"vc_column-inner\">\n<div class=\"wpb_wrapper\"><\/div>\n<\/div>\n<\/div>\n<div class=\"wpb_text_column wpb_content_element\" >\n<div class=\"wpb_wrapper\"><\/div><\/div>\n<p>\n<\/div><\/div><\/div><\/div><\/div><\/div><\/div><\/div><\/section>\n\n\t\t<\/div>\n\t<\/div>\n<\/div><\/div><\/div><\/div><div class=\"vc_row wpb_row vc_row-fluid\"><div class=\"wpb_column vc_column_container vc_col-sm-12\"><div class=\"vc_column-inner\"><div class=\"wpb_wrapper\"><div class=\"carousel-slider-outer carousel-slider-outer-image-carousel carousel-slider-outer-4237\" style=\"--carousel-slider-nav-color:#f1f1f1;--carousel-slider-active-nav-color:#00d1b2;--carousel-slider-arrow-size:48px;--carousel-slider-bullet-size:10px\">\n<div id=\"&#039;id-4237\" class=\"carousel-slider carousel-slider-4237 arrows-visibility-hover dots-visibility-never arrows-outside dots-center dots-circle owl-carousel\" data-slide-type=\"image-carousel\" data-owl-settings='{\"nav\":true,\"dots\":false,\"slideBy\":1,\"stagePadding\":0,\"margin\":10,\"loop\":true,\"lazyLoad\":false,\"autoplay\":true,\"autoplayTimeout\":5000,\"autoplaySpeed\":500,\"autoplayHoverPause\":true,\"autoWidth\":false,\"responsive\":{\"300\":{\"items\":1},\"576\":{\"items\":2},\"768\":{\"items\":2},\"1024\":{\"items\":3},\"1280\":{\"items\":4},\"1536\":{\"items\":5}}}'>\n<div class=\"carousel-slider__item\">\n\t<a href=\"https:\/\/abadamadterapiasnaturales.com\/proyecto-ayurveda-from-woman-2-woman-english.php\" target=\"_blank\"><img loading=\"lazy\" decoding=\"async\" width=\"218\" height=\"185\" src=\"https:\/\/arraigofoundation.org\/wp-content\/uploads\/2024\/03\/aliado-8.jpg\" class=\"attachment-full size-full\" alt=\"\" \/><\/a><\/div>\n\n<div class=\"carousel-slider__item\">\n\t<a href=\"https:\/\/www.programainternacionaldebecas.org\/quienes-somos.php\" target=\"_blank\"><img loading=\"lazy\" decoding=\"async\" width=\"218\" height=\"185\" src=\"https:\/\/arraigofoundation.org\/wp-content\/uploads\/2024\/03\/aliado-6.jpg\" class=\"attachment-full size-full\" alt=\"\" \/><\/a><\/div>\n\n<div class=\"carousel-slider__item\">\n\t<a href=\"https:\/\/yosoyneurogastronomo.com\/quienes-somos\" target=\"_blank\"><img loading=\"lazy\" decoding=\"async\" width=\"218\" height=\"185\" src=\"https:\/\/arraigofoundation.org\/wp-content\/uploads\/2024\/03\/aliado-5.jpg\" class=\"attachment-full size-full\" alt=\"\" \/><\/a><\/div>\n\n<div class=\"carousel-slider__item\">\n\t<a href=\"https:\/\/www.institutodeestudiosglobales.org\/\" target=\"_blank\"><img loading=\"lazy\" decoding=\"async\" width=\"218\" height=\"185\" src=\"https:\/\/arraigofoundation.org\/wp-content\/uploads\/2024\/03\/aliado-4.jpg\" class=\"attachment-full size-full\" alt=\"\" \/><\/a><\/div>\n\n<div class=\"carousel-slider__item\">\n\t<a href=\"https:\/\/www.studisociali.eu\/\" target=\"_blank\"><img loading=\"lazy\" decoding=\"async\" width=\"218\" height=\"185\" src=\"https:\/\/arraigofoundation.org\/wp-content\/uploads\/2024\/03\/aliado-3.jpg\" class=\"attachment-full size-full\" alt=\"\" \/><\/a><\/div>\n\n<div class=\"carousel-slider__item\">\n\t<a href=\"https:\/\/www.universidadglobal.org\/\" target=\"_blank\"><img loading=\"lazy\" decoding=\"async\" width=\"218\" height=\"185\" src=\"https:\/\/arraigofoundation.org\/wp-content\/uploads\/2024\/03\/aliado-2.jpg\" class=\"attachment-full size-full\" alt=\"\" \/><\/a><\/div>\n\n<div class=\"carousel-slider__item\">\n\t<img loading=\"lazy\" decoding=\"async\" width=\"218\" height=\"185\" src=\"https:\/\/arraigofoundation.org\/wp-content\/uploads\/2024\/03\/aliado-1.jpg\" class=\"attachment-full size-full\" alt=\"\" \/><\/a><\/div>\n\n<\/div><!-- .carousel-slider-4237 -->\n<\/div><!-- .carousel-slider-outer-4237 -->\n<\/div><\/div><\/div><\/div><div class=\"vc_row wpb_row vc_row-fluid\"><div class=\"wpb_column vc_column_container vc_col-sm-12\"><div class=\"vc_column-inner\"><div class=\"wpb_wrapper\">\n\t<div class=\"wpb_text_column wpb_content_element\" >\n\t\t<div class=\"wpb_wrapper\">\n\t\t\t<p>[\/bt_text][\/bt_column][\/bt_row][\/bt_section]<\/p>\n\n\t\t<\/div>\n\t<\/div>\n<\/div><\/div><\/div><\/div>\n<\/div>","protected":false},"excerpt":{"rendered":"<p>Arraigo Foundation represents a beacon of hope and change, actively supporting the participation and empowerment of women in the cultural sphere.<\/p>","protected":false},"author":1,"featured_media":4080,"parent":0,"menu_order":0,"comment_status":"closed","ping_status":"closed","template":"","meta":{"footnotes":""},"class_list":["post-15","page","type-page","status-publish","has-post-thumbnail","hentry"],"yoast_head":"<!-- This site is optimized with the Yoast SEO plugin v28.3 - https:\/\/yoast.com\/product\/yoast-seo-wordpress\/ -->\n<title>\u00bfQui\u00e9nes Somos? - Arraigo Group Foundation<\/title>\n<meta name=\"robots\" content=\"index, follow, max-snippet:-1, max-image-preview:large, max-video-preview:-1\" \/>\n<link rel=\"canonical\" href=\"https:\/\/arraigofoundation.org\/en\/quienes-somos\/\" \/>\n<meta property=\"og:locale\" content=\"en_US\" \/>\n<meta property=\"og:type\" content=\"article\" \/>\n<meta property=\"og:title\" content=\"\u00bfQui\u00e9nes Somos? - Arraigo Group Foundation\" \/>\n<meta property=\"og:description\" content=\"Arraigo Foundation representa ese faro de esperanza y cambio, al apoyar activamente la participaci\u00f3n y el empoderamiento de las mujeres en el \u00e1mbito cultural.\" \/>\n<meta property=\"og:url\" content=\"https:\/\/arraigofoundation.org\/en\/quienes-somos\/\" \/>\n<meta property=\"og:site_name\" content=\"Arraigo Group Foundation\" \/>\n<meta property=\"article:modified_time\" content=\"2025-02-01T16:08:55+00:00\" \/>\n<meta property=\"og:image\" content=\"https:\/\/arraigofoundation.org\/wp-content\/uploads\/2024\/04\/2.png\" \/>\n\t<meta property=\"og:image:width\" content=\"1600\" \/>\n\t<meta property=\"og:image:height\" content=\"800\" \/>\n\t<meta property=\"og:image:type\" content=\"image\/png\" \/>\n<meta name=\"twitter:card\" content=\"summary_large_image\" \/>\n<meta name=\"twitter:label1\" content=\"Est. reading time\" \/>\n\t<meta name=\"twitter:data1\" content=\"10 minutes\" \/>\n<script type=\"application\/ld+json\" class=\"yoast-schema-graph\">{\"@context\":\"https:\\\/\\\/schema.org\",\"@graph\":[{\"@type\":\"WebPage\",\"@id\":\"https:\\\/\\\/arraigofoundation.org\\\/quienes-somos\\\/\",\"url\":\"https:\\\/\\\/arraigofoundation.org\\\/quienes-somos\\\/\",\"name\":\"\u00bfQui\u00e9nes Somos? - Arraigo Group Foundation\",\"isPartOf\":{\"@id\":\"https:\\\/\\\/arraigofoundation.org\\\/#website\"},\"primaryImageOfPage\":{\"@id\":\"https:\\\/\\\/arraigofoundation.org\\\/quienes-somos\\\/#primaryimage\"},\"image\":{\"@id\":\"https:\\\/\\\/arraigofoundation.org\\\/quienes-somos\\\/#primaryimage\"},\"thumbnailUrl\":\"https:\\\/\\\/arraigofoundation.org\\\/wp-content\\\/uploads\\\/2024\\\/04\\\/2.png\",\"datePublished\":\"2024-02-28T00:00:08+00:00\",\"dateModified\":\"2025-02-01T16:08:55+00:00\",\"breadcrumb\":{\"@id\":\"https:\\\/\\\/arraigofoundation.org\\\/quienes-somos\\\/#breadcrumb\"},\"inLanguage\":\"en-US\",\"potentialAction\":[{\"@type\":\"ReadAction\",\"target\":[\"https:\\\/\\\/arraigofoundation.org\\\/quienes-somos\\\/\"]}]},{\"@type\":\"ImageObject\",\"inLanguage\":\"en-US\",\"@id\":\"https:\\\/\\\/arraigofoundation.org\\\/quienes-somos\\\/#primaryimage\",\"url\":\"https:\\\/\\\/arraigofoundation.org\\\/wp-content\\\/uploads\\\/2024\\\/04\\\/2.png\",\"contentUrl\":\"https:\\\/\\\/arraigofoundation.org\\\/wp-content\\\/uploads\\\/2024\\\/04\\\/2.png\",\"width\":1600,\"height\":800},{\"@type\":\"BreadcrumbList\",\"@id\":\"https:\\\/\\\/arraigofoundation.org\\\/quienes-somos\\\/#breadcrumb\",\"itemListElement\":[{\"@type\":\"ListItem\",\"position\":1,\"name\":\"Home\",\"item\":\"https:\\\/\\\/arraigofoundation.org\\\/\"},{\"@type\":\"ListItem\",\"position\":2,\"name\":\"\u00bfQui\u00e9nes Somos?\"}]},{\"@type\":\"WebSite\",\"@id\":\"https:\\\/\\\/arraigofoundation.org\\\/#website\",\"url\":\"https:\\\/\\\/arraigofoundation.org\\\/\",\"name\":\"Arraigo Group Foundation\",\"description\":\"\",\"potentialAction\":[{\"@type\":\"SearchAction\",\"target\":{\"@type\":\"EntryPoint\",\"urlTemplate\":\"https:\\\/\\\/arraigofoundation.org\\\/?s={search_term_string}\"},\"query-input\":{\"@type\":\"PropertyValueSpecification\",\"valueRequired\":true,\"valueName\":\"search_term_string\"}}],\"inLanguage\":\"en-US\"}]}<\/script>\n<!-- \/ Yoast SEO plugin. -->","yoast_head_json":{"title":"\u00bfQui\u00e9nes Somos? - Arraigo Group Foundation","robots":{"index":"index","follow":"follow","max-snippet":"max-snippet:-1","max-image-preview":"max-image-preview:large","max-video-preview":"max-video-preview:-1"},"canonical":"https:\/\/arraigofoundation.org\/en\/quienes-somos\/","og_locale":"en_US","og_type":"article","og_title":"\u00bfQui\u00e9nes Somos? - Arraigo Group Foundation","og_description":"Arraigo Foundation representa ese faro de esperanza y cambio, al apoyar activamente la participaci\u00f3n y el empoderamiento de las mujeres en el \u00e1mbito cultural.","og_url":"https:\/\/arraigofoundation.org\/en\/quienes-somos\/","og_site_name":"Arraigo Group Foundation","article_modified_time":"2025-02-01T16:08:55+00:00","og_image":[{"width":1600,"height":800,"url":"https:\/\/arraigofoundation.org\/wp-content\/uploads\/2024\/04\/2.png","type":"image\/png"}],"twitter_card":"summary_large_image","twitter_misc":{"Est. reading time":"10 minutes"},"schema":{"@context":"https:\/\/schema.org","@graph":[{"@type":"WebPage","@id":"https:\/\/arraigofoundation.org\/quienes-somos\/","url":"https:\/\/arraigofoundation.org\/quienes-somos\/","name":"\u00bfQui\u00e9nes Somos? - Arraigo Group Foundation","isPartOf":{"@id":"https:\/\/arraigofoundation.org\/#website"},"primaryImageOfPage":{"@id":"https:\/\/arraigofoundation.org\/quienes-somos\/#primaryimage"},"image":{"@id":"https:\/\/arraigofoundation.org\/quienes-somos\/#primaryimage"},"thumbnailUrl":"https:\/\/arraigofoundation.org\/wp-content\/uploads\/2024\/04\/2.png","datePublished":"2024-02-28T00:00:08+00:00","dateModified":"2025-02-01T16:08:55+00:00","breadcrumb":{"@id":"https:\/\/arraigofoundation.org\/quienes-somos\/#breadcrumb"},"inLanguage":"en-US","potentialAction":[{"@type":"ReadAction","target":["https:\/\/arraigofoundation.org\/quienes-somos\/"]}]},{"@type":"ImageObject","inLanguage":"en-US","@id":"https:\/\/arraigofoundation.org\/quienes-somos\/#primaryimage","url":"https:\/\/arraigofoundation.org\/wp-content\/uploads\/2024\/04\/2.png","contentUrl":"https:\/\/arraigofoundation.org\/wp-content\/uploads\/2024\/04\/2.png","width":1600,"height":800},{"@type":"BreadcrumbList","@id":"https:\/\/arraigofoundation.org\/quienes-somos\/#breadcrumb","itemListElement":[{"@type":"ListItem","position":1,"name":"Home","item":"https:\/\/arraigofoundation.org\/"},{"@type":"ListItem","position":2,"name":"\u00bfQui\u00e9nes Somos?"}]},{"@type":"WebSite","@id":"https:\/\/arraigofoundation.org\/#website","url":"https:\/\/arraigofoundation.org\/","name":"Arraigo Group Foundation","description":"","potentialAction":[{"@type":"SearchAction","target":{"@type":"EntryPoint","urlTemplate":"https:\/\/arraigofoundation.org\/?s={search_term_string}"},"query-input":{"@type":"PropertyValueSpecification","valueRequired":true,"valueName":"search_term_string"}}],"inLanguage":"en-US"}]}},"jetpack_sharing_enabled":true,"_links":{"self":[{"href":"https:\/\/arraigofoundation.org\/en\/wp-json\/wp\/v2\/pages\/15","targetHints":{"allow":["GET"]}}],"collection":[{"href":"https:\/\/arraigofoundation.org\/en\/wp-json\/wp\/v2\/pages"}],"about":[{"href":"https:\/\/arraigofoundation.org\/en\/wp-json\/wp\/v2\/types\/page"}],"author":[{"embeddable":true,"href":"https:\/\/arraigofoundation.org\/en\/wp-json\/wp\/v2\/users\/1"}],"replies":[{"embeddable":true,"href":"https:\/\/arraigofoundation.org\/en\/wp-json\/wp\/v2\/comments?post=15"}],"version-history":[{"count":75,"href":"https:\/\/arraigofoundation.org\/en\/wp-json\/wp\/v2\/pages\/15\/revisions"}],"predecessor-version":[{"id":4272,"href":"https:\/\/arraigofoundation.org\/en\/wp-json\/wp\/v2\/pages\/15\/revisions\/4272"}],"wp:featuredmedia":[{"embeddable":true,"href":"https:\/\/arraigofoundation.org\/en\/wp-json\/wp\/v2\/media\/4080"}],"wp:attachment":[{"href":"https:\/\/arraigofoundation.org\/en\/wp-json\/wp\/v2\/media?parent=15"}],"curies":[{"name":"wp","href":"https:\/\/api.w.org\/{rel}","templated":true}]}}